{"id":198,"date":"2020-03-05T16:38:02","date_gmt":"2020-03-05T15:38:02","guid":{"rendered":"http:\/\/bergerie-a-pila.corsica\/?page_id=198"},"modified":"2022-12-04T18:32:09","modified_gmt":"2022-12-04T17:32:09","slug":"location-rental","status":"publish","type":"page","link":"https:\/\/bergerie-a-pila.corsica\/index.php\/location-rental\/","title":{"rendered":"Location, Rental"},"content":{"rendered":"\n<p>Ma Bergerie est \u00e0 louer pour les vacances \u00e0 la semaine. Mais je reste ouverte en fonction des demandes.<\/p>\n\n\n\n<p>La saison commence en avril et se termine en octobre.<\/p>\n\n\n\n<p>The rental of my propertie for the holidays, it&rsquo;s possible. <a href=\"mailto:contact@bergerie-a-pila.corsica\">Contact me<\/a>. <\/p>\n\n\n\n<h2 class=\"wp-block-heading\">Particularit\u00e9s de la Bergerie<\/h2>\n\n\n\n<p>La maison est isol\u00e9e, c&rsquo;est aussi ce qui fait son charme pour passer des vacances au calme.<\/p>\n\n\n\n<p>Pour la rejoindre ce sont deux kilom\u00e8tres de pistes \u00e0 parcourir \u00e0 travers maquis et ch\u00eanes li\u00e8ge.<\/p>\n\n\n\n<p>Des panneaux solaires \u00e9quipent la maison, ici pas de lave-vaisselle, de t\u00e9l\u00e9vision, de fer \u00e0 repasser ou de lave-linge.<\/p>\n\n\n\n<p>Mais vous y trouverez un r\u00e9frig\u00e9rateur, de l&rsquo;eau potable de la lumi\u00e8re et de quoi recharger t\u00e9l\u00e9phones portables (et oui le r\u00e9seau t\u00e9l\u00e9phonique fonctionne et avec la 4G) et ordinateurs.<\/p>\n\n\n\n<h2 class=\"wp-block-heading\">R\u00e9f\u00e9rencements<\/h2>\n\n\n\n<a href=\"https:\/\/www.charme-traditions.com\/fr\/chambres-d-hotes\/320\/corse-du-sud\/1\"><img decoding=\"async\" style=\"border: solid 0px;\" src=\"https:\/\/www.charme-traditions.com\/images\/membre-charme-traditions_r.png\" alt=\"chambres hotes Corse-du-Sud\"><\/a>\n\n\n\n\n\n<p><\/p>\n","protected":false},"excerpt":{"rendered":"<p>Ma Bergerie est \u00e0 louer pour les vacances \u00e0 la semaine. Mais je reste ouverte en fonction des demandes. La saison commence en avril et se termine en octobre. The rental of my propertie for the holidays, it&rsquo;s possible. Contact me. Particularit\u00e9s de la Bergerie La maison est isol\u00e9e, c&rsquo;est aussi ce qui fait son [&hellip;]<\/p>\n","protected":false},"author":1,"featured_media":58,"parent":0,"menu_order":0,"comment_status":"closed","ping_status":"closed","template":"","meta":{"footnotes":""},"class_list":["post-198","page","type-page","status-publish","has-post-thumbnail","hentry"],"_links":{"self":[{"href":"https:\/\/bergerie-a-pila.corsica\/index.php\/wp-json\/wp\/v2\/pages\/198"}],"collection":[{"href":"https:\/\/bergerie-a-pila.corsica\/index.php\/wp-json\/wp\/v2\/pages"}],"about":[{"href":"https:\/\/bergerie-a-pila.corsica\/index.php\/wp-json\/wp\/v2\/types\/page"}],"author":[{"embeddable":true,"href":"https:\/\/bergerie-a-pila.corsica\/index.php\/wp-json\/wp\/v2\/users\/1"}],"replies":[{"embeddable":true,"href":"https:\/\/bergerie-a-pila.corsica\/index.php\/wp-json\/wp\/v2\/comments?post=198"}],"version-history":[{"count":8,"href":"https:\/\/bergerie-a-pila.corsica\/index.php\/wp-json\/wp\/v2\/pages\/198\/revisions"}],"predecessor-version":[{"id":336,"href":"https:\/\/bergerie-a-pila.corsica\/index.php\/wp-json\/wp\/v2\/pages\/198\/revisions\/336"}],"wp:featuredmedia":[{"embeddable":true,"href":"https:\/\/bergerie-a-pila.corsica\/index.php\/wp-json\/wp\/v2\/media\/58"}],"wp:attachment":[{"href":"https:\/\/bergerie-a-pila.corsica\/index.php\/wp-json\/wp\/v2\/media?parent=198"}],"curies":[{"name":"wp","href":"https:\/\/api.w.org\/{rel}","templated":true}]}}